{"id":162,"date":"2025-07-25T11:03:50","date_gmt":"2025-07-25T11:03:50","guid":{"rendered":"https:\/\/go.ar-plan.de\/?page_id=162"},"modified":"2026-03-17T14:22:05","modified_gmt":"2026-03-17T14:22:05","slug":"gaestekarte-gaestetaxe","status":"publish","type":"page","link":"https:\/\/gohrisch.de\/?page_id=162","title":{"rendered":"G\u00e4stekarte\/ G\u00e4stetaxe"},"content":{"rendered":"<p class=\"textnormal\">Als Gast unserer Gemeinde erhalten Sie die <strong>Gemeinsame G\u00e4stekarte S\u00e4chsische Schweiz<\/strong>. Mit dieser G\u00e4stekarte k\u00f6nnen Sie tolle Erm\u00e4\u00dfigungen in einer Vielzahl von Freizeiteinrichtungen nutzen.<br \/>\nEine \u00dcbersicht \u00fcber die teilnehmenden Freizeiteinrichtungen und weitere ausf\u00fchrliche Informationen finden Sie hier:<br \/>\n<a href=\"https:\/\/www.saechsische-schweiz.de\/region\/gaestekarte-saechsische-schweiz\/alle-leistungen-im-ueberblick.html\" target=\"_blank\" rel=\"noopener\">Alle Leistungen im \u00dcberblick<\/a><\/p>\n<h3>Neu ab 01.01.2022: G\u00e4stekarte mobil<\/h3>\n<p>\u00dcbernachtungsg\u00e4ste der Gemeinde Gohrisch erhalten ab dem 01.01.2022 die <strong>G\u00e4stekarte<em> mobil<\/em><\/strong>.<br \/>\nDiese ist eine Erweiterung der G\u00e4stekarte S\u00e4chsische Schweiz.<\/p>\n<p class=\"bildrechts\"><a href=\"https:\/\/www.saechsische-schweiz.de\/region\/gaestekarte\/nutzungsbedingungen.html\" target=\"_blank\" rel=\"noopener\"><img loading=\"lazy\" decoding=\"async\" class=\"bildlinks\" src=\"https:\/\/www.gohrisch.de\/tourismus\/bilder\/gaestekarte-mobil.jpg?m=1639731604&amp;\" alt=\"\" width=\"230\" height=\"56\" \/><\/a><\/p>\n<p>Damit erhalten Sie Verg\u00fcnstigungen in \u00fcber 60 Freizeiteinrichtungen der Region und zus\u00e4tzlich kostenfreie Fahrt in der gesamten S\u00e4chsischen Schweiz im Verkehrsverbund Oberelbe (VVO).<\/p>\n<h3>G\u00e4stetaxe<\/h3>\n<p class=\"textnormal\">Die Gemeinde Gohrisch erhebt f\u00fcr ihre G\u00e4ste eine G\u00e4stetaxe. Diese Einnahmen werden laut <a href=\"https:\/\/www.gohrisch.de\/buerger\/satzungen\/1-Aenderung-Gaestetaxesatzung-ab-2022-1.pdf?m=1642509627&amp;\" target=\"_blank\" rel=\"noopener\">G\u00e4stetaxesatzung<\/a> zur Anschaffung,\u00a0Erweiterung, Erneuerung und Unterhaltung der \u00f6ffentlichen Anlagen genutzt, die dem Kur- und Erholungszweck dienen.<\/p>\n<table cellspacing=\"5\" align=\"center\">\n<tbody>\n<tr>\n<td><strong>Tarife G\u00e4stetaxe &#8211; Gohrisch<\/strong><\/td>\n<td><strong>ab 01.01.2022<\/strong><\/td>\n<\/tr>\n<tr>\n<td>Zeitraum: ganzj\u00e4hrig<\/td>\n<td>01.01. bis 31.12.<\/td>\n<\/tr>\n<tr>\n<td><strong>Kategorie<\/strong><\/td>\n<td><strong>G\u00e4stetaxe<\/strong><\/td>\n<\/tr>\n<tr>\n<td>Erwachsener<\/td>\n<td>2,30 \u20ac<\/td>\n<\/tr>\n<tr>\n<td>Kleinkind (0-6 Jahre)<\/td>\n<td>0,00 \u20ac<\/td>\n<\/tr>\n<tr>\n<td>Kind (7-17 Jahre)<\/td>\n<td>1,80 \u20ac<\/td>\n<\/tr>\n<tr>\n<td>Student\/Azubi<\/td>\n<td>1,80 \u20ac<\/td>\n<\/tr>\n<tr>\n<td>Schulfahrten<\/td>\n<td>0,00 \u20ac<\/td>\n<\/tr>\n<tr>\n<td>Arbeiter<\/td>\n<td>2,30 \u20ac<\/td>\n<\/tr>\n<tr>\n<td>Schwerbehinderte bis 90%<\/td>\n<td>1,80 \u20ac<\/td>\n<\/tr>\n<tr>\n<td>Begleitperson<\/td>\n<td>1,80 \u20ac<\/td>\n<\/tr>\n<tr>\n<td>Bettl\u00e4grige<\/td>\n<td>0,00 \u20ac<\/td>\n<\/tr>\n<tr>\n<td>Schwerbehinderte ab 50%<\/td>\n<td>1,80 \u20ac<\/td>\n<\/tr>\n<tr>\n<td>Tagungsteilnehmer<\/td>\n<td>1,80 \u20ac<\/td>\n<\/tr>\n<\/tbody>\n<\/table>\n<p data-start=\"118\" data-end=\"418\">Mit der <strong data-start=\"126\" data-end=\"149\">G\u00e4stekarte mobil Gohrisch<\/strong> und dem <strong data-start=\"158\" data-end=\"172\">Wanderpass<\/strong> wird dein Aufenthalt in der S\u00e4chsischen Schweiz noch attraktiver. G\u00e4ste unserer Gemeinde profitieren von zahlreichen Vorteilen: Verg\u00fcnstigungen bei Freizeiteinrichtungen, kulturellen Angeboten, in der Gastronomie sowie bei regionalen Partnern.<\/p>\n<p data-start=\"420\" data-end=\"696\">Nutzen Sie auch unsere G\u00e4stekarte mit Wanderpass! Wenn Sie f\u00fcnf unserer sieben Steine bezwungen haben und es mit den H\u00f6henangaben im Wanderpass belegen k\u00f6nnen, erhalten Sie in unserer Touristinformation Ihr Wanderdiplom. <img loading=\"lazy\" decoding=\"async\" class=\"size-full wp-image-1340 alignright\" src=\"https:\/\/gohrisch.de\/wp-content\/uploads\/2026\/03\/GK.jpg\" alt=\"\" width=\"89\" height=\"120\" \/><\/p>\n<p data-start=\"698\" data-end=\"919\">Ob aktive Erholung, Familienausflug oder Naturgenuss \u2013 mit G\u00e4stekarte und Wanderpass erh\u00e4ltst du nicht nur viele Extras, sondern auch die besten Tipps, um Gohrisch und die S\u00e4chsische Schweiz in vollen Z\u00fcgen zu genie\u00dfen.<\/p>\n","protected":false},"excerpt":{"rendered":"<p>Als Gast unserer Gemeinde erhalten Sie die Gemeinsame G\u00e4stekarte S\u00e4chsische Schweiz. Mit dieser G\u00e4stekarte k\u00f6nnen Sie tolle Erm\u00e4\u00dfigungen in einer Vielzahl von Freizeiteinrichtungen nutzen. Eine \u00dcbersicht \u00fcber die teilnehmenden Freizeiteinrichtungen&hellip;<\/p>\n","protected":false},"author":1,"featured_media":0,"parent":154,"menu_order":0,"comment_status":"closed","ping_status":"closed","template":"","meta":{"_FSMCFIC_featured_image_caption":"","_FSMCFIC_featured_image_nocaption":"","_FSMCFIC_featured_image_hide":"","_mc_calendar":[],"footnotes":""},"class_list":["post-162","page","type-page","status-publish","hentry"],"_links":{"self":[{"href":"https:\/\/gohrisch.de\/index.php?rest_route=\/wp\/v2\/pages\/162","targetHints":{"allow":["GET"]}}],"collection":[{"href":"https:\/\/gohrisch.de\/index.php?rest_route=\/wp\/v2\/pages"}],"about":[{"href":"https:\/\/gohrisch.de\/index.php?rest_route=\/wp\/v2\/types\/page"}],"author":[{"embeddable":true,"href":"https:\/\/gohrisch.de\/index.php?rest_route=\/wp\/v2\/users\/1"}],"replies":[{"embeddable":true,"href":"https:\/\/gohrisch.de\/index.php?rest_route=%2Fwp%2Fv2%2Fcomments&post=162"}],"version-history":[{"count":5,"href":"https:\/\/gohrisch.de\/index.php?rest_route=\/wp\/v2\/pages\/162\/revisions"}],"predecessor-version":[{"id":1341,"href":"https:\/\/gohrisch.de\/index.php?rest_route=\/wp\/v2\/pages\/162\/revisions\/1341"}],"up":[{"embeddable":true,"href":"https:\/\/gohrisch.de\/index.php?rest_route=\/wp\/v2\/pages\/154"}],"wp:attachment":[{"href":"https:\/\/gohrisch.de\/index.php?rest_route=%2Fwp%2Fv2%2Fmedia&parent=162"}],"curies":[{"name":"wp","href":"https:\/\/api.w.org\/{rel}","templated":true}]}}