{"id":169,"date":"2025-08-21T09:23:52","date_gmt":"2025-08-21T09:23:52","guid":{"rendered":"https:\/\/go.ar-plan.de\/?page_id=169"},"modified":"2026-02-13T11:59:04","modified_gmt":"2026-02-13T11:59:04","slug":"ortschaftsraete","status":"publish","type":"page","link":"https:\/\/gohrisch.de\/?page_id=169","title":{"rendered":"Ortschaftsr\u00e4te"},"content":{"rendered":"<table style=\"width: 76.1761%; height: 506px;\" border=\"1\">\n<tbody>\n<tr style=\"height: 22px;\">\n<td style=\"width: 100%; height: 22px;\"><strong>Ortschaftsr\u00e4te Gohrisch<\/strong><\/td>\n<\/tr>\n<tr style=\"height: 22px;\">\n<td style=\"width: 100%; height: 22px;\">Wojack, Daniel<\/td>\n<\/tr>\n<tr style=\"height: 22px;\">\n<td style=\"width: 100%; height: 22px;\">K\u00fchn, Uwe<\/td>\n<\/tr>\n<tr style=\"height: 22px;\">\n<td style=\"width: 100%; height: 22px;\">H\u00e4nsel, Tilo<\/td>\n<\/tr>\n<tr style=\"height: 22px;\">\n<td style=\"width: 100%; height: 22px;\">K\u00fcchler, Vincent<\/td>\n<\/tr>\n<tr style=\"height: 22px;\">\n<td style=\"width: 100%; height: 22px;\">Becker, Frank<\/td>\n<\/tr>\n<tr style=\"height: 22px;\">\n<td style=\"width: 100%; height: 22px;\">Kochan, Peter<\/td>\n<\/tr>\n<tr style=\"height: 22px;\">\n<td style=\"width: 100%; height: 22px;\"><strong>Ortschaftsr\u00e4te Kleinhennersdorf<\/strong><\/td>\n<\/tr>\n<tr style=\"height: 22px;\">\n<td style=\"width: 100%; height: 22px;\">Zimmermann, Dirk<\/td>\n<\/tr>\n<tr style=\"height: 22px;\">\n<td style=\"width: 100%; height: 22px;\">Hamisch, Max<\/td>\n<\/tr>\n<tr style=\"height: 22px;\">\n<td style=\"width: 100%; height: 22px;\">Richter, Manja<\/td>\n<\/tr>\n<tr style=\"height: 22px;\">\n<td style=\"width: 100%; height: 22px;\">Schneider, Andreas<\/td>\n<\/tr>\n<tr style=\"height: 22px;\">\n<td style=\"width: 100%; height: 22px;\">Hellmig, Ralf<\/td>\n<\/tr>\n<tr style=\"height: 22px;\">\n<td style=\"width: 100%; height: 22px;\"><strong>Ortschaftsr\u00e4te Papstdorf<\/strong><\/td>\n<\/tr>\n<tr style=\"height: 22px;\">\n<td style=\"width: 100%; height: 22px;\">Vetter, Harald<\/td>\n<\/tr>\n<tr style=\"height: 22px;\">\n<td style=\"width: 100%; height: 22px;\">Liebmann, Jan<\/td>\n<\/tr>\n<tr style=\"height: 22px;\">\n<td style=\"width: 100%; height: 22px;\">Br\u00e4hmig, Klaus<\/td>\n<\/tr>\n<tr style=\"height: 22px;\">\n<td style=\"width: 100%; height: 22px;\">Hanitzsch, R\u00fcdiger<\/td>\n<\/tr>\n<tr style=\"height: 22px;\">\n<td style=\"width: 100%; height: 22px;\"><strong>Ortschaftsr\u00e4te Cunnersdorf<\/strong><\/td>\n<\/tr>\n<tr style=\"height: 22px;\">\n<td style=\"width: 100%; height: 22px;\">Streit, Katja<\/td>\n<\/tr>\n<tr style=\"height: 22px;\">\n<td style=\"width: 100%; height: 22px;\">Herrmann, Mike<\/td>\n<\/tr>\n<tr style=\"height: 22px;\">\n<td style=\"width: 100%; height: 22px;\">Kaulfu\u00df, Jens<\/td>\n<\/tr>\n<tr style=\"height: 22px;\">\n<td style=\"width: 100%; height: 22px;\">Weise, Frank<\/td>\n<\/tr>\n<\/tbody>\n<\/table>\n<p>&nbsp;<\/p>\n","protected":false},"excerpt":{"rendered":"<p>Ortschaftsr\u00e4te Gohrisch Wojack, Daniel K\u00fchn, Uwe H\u00e4nsel, Tilo K\u00fcchler, Vincent Becker, Frank Kochan, Peter Ortschaftsr\u00e4te Kleinhennersdorf Zimmermann, Dirk Hamisch, Max Richter, Manja Schneider, Andreas Hellmig, Ralf Ortschaftsr\u00e4te Papstdorf Vetter, Harald&hellip;<\/p>\n","protected":false},"author":1,"featured_media":963,"parent":0,"menu_order":0,"comment_status":"closed","ping_status":"closed","template":"","meta":{"_FSMCFIC_featured_image_caption":"","_FSMCFIC_featured_image_nocaption":"","_FSMCFIC_featured_image_hide":"","_mc_calendar":[],"footnotes":""},"class_list":["post-169","page","type-page","status-publish","has-post-thumbnail","hentry"],"_links":{"self":[{"href":"https:\/\/gohrisch.de\/index.php?rest_route=\/wp\/v2\/pages\/169","targetHints":{"allow":["GET"]}}],"collection":[{"href":"https:\/\/gohrisch.de\/index.php?rest_route=\/wp\/v2\/pages"}],"about":[{"href":"https:\/\/gohrisch.de\/index.php?rest_route=\/wp\/v2\/types\/page"}],"author":[{"embeddable":true,"href":"https:\/\/gohrisch.de\/index.php?rest_route=\/wp\/v2\/users\/1"}],"replies":[{"embeddable":true,"href":"https:\/\/gohrisch.de\/index.php?rest_route=%2Fwp%2Fv2%2Fcomments&post=169"}],"version-history":[{"count":11,"href":"https:\/\/gohrisch.de\/index.php?rest_route=\/wp\/v2\/pages\/169\/revisions"}],"predecessor-version":[{"id":1084,"href":"https:\/\/gohrisch.de\/index.php?rest_route=\/wp\/v2\/pages\/169\/revisions\/1084"}],"wp:featuredmedia":[{"embeddable":true,"href":"https:\/\/gohrisch.de\/index.php?rest_route=\/wp\/v2\/media\/963"}],"wp:attachment":[{"href":"https:\/\/gohrisch.de\/index.php?rest_route=%2Fwp%2Fv2%2Fmedia&parent=169"}],"curies":[{"name":"wp","href":"https:\/\/api.w.org\/{rel}","templated":true}]}}