{"id":719,"date":"2025-10-28T15:19:12","date_gmt":"2025-10-28T15:19:12","guid":{"rendered":"https:\/\/go.ar-plan.de\/?page_id=719"},"modified":"2025-10-28T15:21:38","modified_gmt":"2025-10-28T15:21:38","slug":"719-2","status":"publish","type":"page","link":"https:\/\/gohrisch.de\/?page_id=719&lang=cs","title":{"rendered":"Kartu host\u016f"},"content":{"rendered":"<p class=\"text\">Jako host\u00e9 na\u0161\u00ed obce obdr\u017e\u00edte <strong>spole\u010dnou kartu host\u016f S\u00e4chsische Schweiz<\/strong>. S touto kartou host\u016f m\u016f\u017eete vyu\u017e\u00edt skv\u011bl\u00e9 slevy v cel\u00e9 \u0159ad\u011b rekrea\u010dn\u00edch za\u0159\u00edzen\u00ed.<br \/>\nP\u0159ehled z\u00fa\u010dastn\u011bn\u00fdch rekrea\u010dn\u00edch za\u0159\u00edzen\u00ed a dal\u0161\u00ed podrobn\u00e9 informace najdete zde:<br \/>\n<a href=\"https:\/\/www.saechsische-schweiz.de\/region\/gaestekarte-saechsische-schweiz\/alle-leistungen-im-ueberblick.html\" target=\"_blank\" rel=\"noopener\">P\u0159ehled v\u0161ech slu\u017eeb<\/a><\/p>\n<h3>Novinka od 1. 1. 2022: Mobiln\u00ed karta pro hosty<\/h3>\n<p>Host\u00e9 ubytovan\u00ed v obci Gohrisch obdr\u017e\u00ed od 1. 1. 2022 <strong>mobiln\u00ed kartu pro hosty<\/strong>.<br \/>\nJedn\u00e1 se o roz\u0161\u00ed\u0159en\u00ed karty pro hosty S\u00e4chsische Schweiz.<\/p>\n<p class=\"bildrechts\"><a href=\"https:\/\/www.saechsische-schweiz.de\/region\/gaestekarte\/nutzungsbedingungen.html\" target=\"_blank\" rel=\"noopener\"><img loading=\"lazy\" decoding=\"async\" class=\"bildlinks\" src=\"https:\/\/www.gohrisch.de\/tourismus\/bilder\/gaestekarte-mobil.jpg? m=1639731604&amp;\" alt=\"\" width=\"230\" height=\"56\" \/><\/a><\/p>\n<p>Z\u00edsk\u00e1te tak slevy ve v\u00edce ne\u017e 60 rekrea\u010dn\u00edch za\u0159\u00edzen\u00edch v regionu a nav\u00edc bezplatnou dopravu po cel\u00e9 Sask\u00e9 \u0160v\u00fdcarsku v dopravn\u00edm svazu Oberelbe (VVO).<\/p>\n<h3>Turistick\u00e1 da\u0148<\/h3>\n<p class=\"text\">Obec Gohrisch vyb\u00edr\u00e1 od sv\u00fdch host\u016f turistickou da\u0148.<\/p>\n<table cellspacing=\"5\" align=\"center\">\n<tbody>\n<tr>\n<td><strong>Tarife G\u00e4stetaxe &#8211; Gohrisch<\/strong><\/td>\n<td><strong>ab 01.01.2022<\/strong><\/td>\n<\/tr>\n<tr>\n<td>Zeitraum: ganzj\u00e4hrig<\/td>\n<td>01.01. bis 31.12.<\/td>\n<\/tr>\n<tr>\n<td><strong>Kategorie<\/strong><\/td>\n<td><strong>G\u00e4stetaxe<\/strong><\/td>\n<\/tr>\n<tr>\n<td>Erwachsener<\/td>\n<td>2,30 \u20ac<\/td>\n<\/tr>\n<tr>\n<td>Kleinkind (0-6 Jahre)<\/td>\n<td>0,00 \u20ac<\/td>\n<\/tr>\n<tr>\n<td>Kind (7-17 Jahre)<\/td>\n<td>1,80 \u20ac<\/td>\n<\/tr>\n<tr>\n<td>Student\/Azubi<\/td>\n<td>1,80 \u20ac<\/td>\n<\/tr>\n<tr>\n<td>Schulfahrten<\/td>\n<td>0,00 \u20ac<\/td>\n<\/tr>\n<tr>\n<td>Arbeiter<\/td>\n<td>2,30 \u20ac<\/td>\n<\/tr>\n<tr>\n<td>Schwerbehinderte bis 90%<\/td>\n<td>1,80 \u20ac<\/td>\n<\/tr>\n<tr>\n<td>Begleitperson<\/td>\n<td>1,80 \u20ac<\/td>\n<\/tr>\n<tr>\n<td>Bettl\u00e4grige<\/td>\n<td>0,00 \u20ac<\/td>\n<\/tr>\n<tr>\n<td>Schwerbehinderte ab 50%<\/td>\n<td>1,80 \u20ac<\/td>\n<\/tr>\n<tr>\n<td>Tagungsteilnehmer<\/td>\n<td>1,80 \u20ac<\/td>\n<\/tr>\n<\/tbody>\n<\/table>\n","protected":false},"excerpt":{"rendered":"<p>Jako host\u00e9 na\u0161\u00ed obce obdr\u017e\u00edte spole\u010dnou kartu host\u016f S\u00e4chsische Schweiz. S touto kartou host\u016f m\u016f\u017eete vyu\u017e\u00edt skv\u011bl\u00e9 slevy v cel\u00e9 \u0159ad\u011b rekrea\u010dn\u00edch za\u0159\u00edzen\u00ed. P\u0159ehled z\u00fa\u010dastn\u011bn\u00fdch rekrea\u010dn\u00edch za\u0159\u00edzen\u00ed a dal\u0161\u00ed podrobn\u00e9&hellip;<\/p>\n","protected":false},"author":1,"featured_media":0,"parent":0,"menu_order":0,"comment_status":"closed","ping_status":"closed","template":"","meta":{"_FSMCFIC_featured_image_caption":"","_FSMCFIC_featured_image_nocaption":"","_FSMCFIC_featured_image_hide":"","_mc_calendar":[],"footnotes":""},"class_list":["post-719","page","type-page","status-publish","hentry"],"_links":{"self":[{"href":"https:\/\/gohrisch.de\/index.php?rest_route=\/wp\/v2\/pages\/719","targetHints":{"allow":["GET"]}}],"collection":[{"href":"https:\/\/gohrisch.de\/index.php?rest_route=\/wp\/v2\/pages"}],"about":[{"href":"https:\/\/gohrisch.de\/index.php?rest_route=\/wp\/v2\/types\/page"}],"author":[{"embeddable":true,"href":"https:\/\/gohrisch.de\/index.php?rest_route=\/wp\/v2\/users\/1"}],"replies":[{"embeddable":true,"href":"https:\/\/gohrisch.de\/index.php?rest_route=%2Fwp%2Fv2%2Fcomments&post=719"}],"version-history":[{"count":4,"href":"https:\/\/gohrisch.de\/index.php?rest_route=\/wp\/v2\/pages\/719\/revisions"}],"predecessor-version":[{"id":727,"href":"https:\/\/gohrisch.de\/index.php?rest_route=\/wp\/v2\/pages\/719\/revisions\/727"}],"wp:attachment":[{"href":"https:\/\/gohrisch.de\/index.php?rest_route=%2Fwp%2Fv2%2Fmedia&parent=719"}],"curies":[{"name":"wp","href":"https:\/\/api.w.org\/{rel}","templated":true}]}}