{"id":845,"date":"2025-10-30T10:12:36","date_gmt":"2025-10-30T10:12:36","guid":{"rendered":"https:\/\/go.ar-plan.de\/?page_id=845"},"modified":"2025-10-30T10:12:36","modified_gmt":"2025-10-30T10:12:36","slug":"sluzby","status":"publish","type":"page","link":"https:\/\/gohrisch.de\/?page_id=845&lang=cs","title":{"rendered":"Slu\u017eby"},"content":{"rendered":"<p data-start=\"\u201e118\u201c\" data-end=\"\u201e418\u201c\">S <strong data-start=\"\u201e126\u201c\" data-end=\"\u201e149\u201c\">mobiln\u00ed kartou pro hosty Gohrisch<\/strong> a <strong data-start=\"\u201a158\u2018\" data-end=\"\u201e172\u201c\">turistick\u00fdm pasem<\/strong> bude tv\u016fj pobyt v Sask\u00e9m \u0160v\u00fdcarsku je\u0161t\u011b atraktivn\u011bj\u0161\u00ed. Host\u00e9 na\u0161\u00ed obce mohou vyu\u017e\u00edt \u0159adu v\u00fdhod: slevy v rekrea\u010dn\u00edch za\u0159\u00edzen\u00edch, na kulturn\u00ed akce, v restaurac\u00edch a u region\u00e1ln\u00edch partner\u016f.<\/p>\n<p data-start=\"\u201e118\u201c\" data-end=\"\u201e418\u201c\"><a href=\"https:\/\/www.saechsische-schweiz.de\/gut-zu-wissen\/gaestekarte\">Odkaz na mobiln\u00ed kartu pro hosty<\/a><\/p>\n<p data-start=\"\u201a420\u2018\" data-end=\"\u201e696\u201c\"><strong data-start=\"\u201e424\u201c\" data-end=\"\u201e447\u201c\">Turistick\u00fd pas Gohrisch<\/strong> v\u00e1s zve k objevov\u00e1n\u00ed nejkr\u00e1sn\u011bj\u0161\u00edch stezek v okol\u00ed na\u0161ich m\u011bstsk\u00fdch \u010d\u00e1st\u00ed. Na v\u00fdznamn\u00fdch m\u00edstech m\u016f\u017eete sb\u00edrat raz\u00edtka a dokumentovat tak sv\u00e9 t\u00fary \u2013 jako zvl\u00e1\u0161tn\u00ed vzpom\u00ednku na z\u00e1\u017eitky pln\u00e9 dny uprost\u0159ed jedine\u010dn\u00e9ho skaln\u00edho sv\u011bta.<\/p>\n<p data-start=\"\u201e698\u201c\" data-end=\"\u201e919\u201c\">A\u0165 u\u017e se jedn\u00e1 o aktivn\u00ed odpo\u010dinek, rodinn\u00fd v\u00fdlet nebo pobyt v p\u0159\u00edrod\u011b \u2013 s hostitelskou kartou a turistick\u00fdm pasem z\u00edsk\u00e1te nejen mnoho bonus\u016f, ale tak\u00e9 ty nejlep\u0161\u00ed tipy, jak si Gohrisch a Sask\u00e9 \u0160v\u00fdcarsko u\u017e\u00edt naplno.<\/p>\n","protected":false},"excerpt":{"rendered":"<p>S mobiln\u00ed kartou pro hosty Gohrisch a turistick\u00fdm pasem bude tv\u016fj pobyt v Sask\u00e9m \u0160v\u00fdcarsku je\u0161t\u011b atraktivn\u011bj\u0161\u00ed. Host\u00e9 na\u0161\u00ed obce mohou vyu\u017e\u00edt \u0159adu v\u00fdhod: slevy v rekrea\u010dn\u00edch za\u0159\u00edzen\u00edch, na kulturn\u00ed&hellip;<\/p>\n","protected":false},"author":1,"featured_media":155,"parent":0,"menu_order":0,"comment_status":"closed","ping_status":"closed","template":"","meta":{"_FSMCFIC_featured_image_caption":"","_FSMCFIC_featured_image_nocaption":"","_FSMCFIC_featured_image_hide":"","_mc_calendar":[],"footnotes":""},"class_list":["post-845","page","type-page","status-publish","has-post-thumbnail","hentry"],"_links":{"self":[{"href":"https:\/\/gohrisch.de\/index.php?rest_route=\/wp\/v2\/pages\/845","targetHints":{"allow":["GET"]}}],"collection":[{"href":"https:\/\/gohrisch.de\/index.php?rest_route=\/wp\/v2\/pages"}],"about":[{"href":"https:\/\/gohrisch.de\/index.php?rest_route=\/wp\/v2\/types\/page"}],"author":[{"embeddable":true,"href":"https:\/\/gohrisch.de\/index.php?rest_route=\/wp\/v2\/users\/1"}],"replies":[{"embeddable":true,"href":"https:\/\/gohrisch.de\/index.php?rest_route=%2Fwp%2Fv2%2Fcomments&post=845"}],"version-history":[{"count":1,"href":"https:\/\/gohrisch.de\/index.php?rest_route=\/wp\/v2\/pages\/845\/revisions"}],"predecessor-version":[{"id":846,"href":"https:\/\/gohrisch.de\/index.php?rest_route=\/wp\/v2\/pages\/845\/revisions\/846"}],"wp:featuredmedia":[{"embeddable":true,"href":"https:\/\/gohrisch.de\/index.php?rest_route=\/wp\/v2\/media\/155"}],"wp:attachment":[{"href":"https:\/\/gohrisch.de\/index.php?rest_route=%2Fwp%2Fv2%2Fmedia&parent=845"}],"curies":[{"name":"wp","href":"https:\/\/api.w.org\/{rel}","templated":true}]}}